{"id":648,"date":"2020-04-21T12:50:13","date_gmt":"2020-04-21T12:50:13","guid":{"rendered":"https:\/\/cdwaste-managevet.com\/partnership\/"},"modified":"2020-08-27T13:49:30","modified_gmt":"2020-08-27T13:49:30","slug":"partnership","status":"publish","type":"page","link":"https:\/\/cdwaste-managevet.com\/es\/partnership\/","title":{"rendered":"SOCIOS"},"content":{"rendered":"<div class=\"wpb-content-wrapper\"><p>[vc_row][vc_column][vc_column_text]En la asociaci\u00f3n CDWaste-ManageVET participan 7 socios procedentes de 6 pa\u00edses de la UE, que combinan conocimientos t\u00e9cnicos complementarios y permiten una cobertura geogr\u00e1fica equilibrada que aporta contribuciones, perspectivas y una visi\u00f3n general de las diferentes zonas de la UE involucradas.[\/vc_column_text][\/vc_column][\/vc_row][vc_row gap=\u00bb35&#8243; content_placement=\u00bbtop\u00bb][vc_column width=\u00bb1\/4&#8243;][vc_single_image image=\u00bb327&#8243; img_size=\u00bbfull\u00bb onclick=\u00bbcustom_link\u00bb img_link_target=\u00bb_blank\u00bb link=\u00bbhttp:\/\/www.oec.corsica\u00bb][\/vc_column][vc_column width=\u00bb3\/4&#8243;][vc_column_text]<\/p>\n<h3>OEC- Office de l&#8217;Environnement de la Corse (Oficina del Medio Ambiente de C\u00f3rcega)<\/h3>\n<p>La Oficina del Medio Ambiente de C\u00f3rcega (OEC), establecida en 1991 por la Colectividad Territorial de C\u00f3rcega, se encarga de la pol\u00edtica regional sobre el medio ambiente y el desarrollo sostenible.<\/p>\n<p>Sus principales \u00e1reas de intervenci\u00f3n son:<\/p>\n<ul>\n<li>Control de la contaminaci\u00f3n y prevenci\u00f3n del deterioro del medioambiente, incluyendo la eliminaci\u00f3n de residuos, la promoci\u00f3n y la recuperaci\u00f3n y el tratamiento de las aguas residuales.<\/li>\n<li>Promoci\u00f3n de la calidad de vida (calidad del agua, calidad del paisaje, planificaci\u00f3n espacial&#8230;).<\/li>\n<li>Educaci\u00f3n, sensibilizaci\u00f3n: desarrollo medioambiental y sostenible&#8230;<\/li>\n<li>Protecci\u00f3n y gesti\u00f3n de los espacios y equilibrios naturales, conservaci\u00f3n de las zonas sensibles (litoral y monta\u00f1a).<\/li>\n<li>Protecci\u00f3n y gesti\u00f3n de las especies vegetales y animales insulares y end\u00e9micas.<\/li>\n<li>Protecci\u00f3n de los medios acu\u00e1ticos y de los recursos h\u00eddricos, protecci\u00f3n de los medios marinos, prevenci\u00f3n de incendios.<\/li>\n<\/ul>\n<p>Direcci\u00f3n: 14, avenue Jean Nicoli. 20250 Corte.P\u00e1gina<br \/>\nP\u00e1gina web: <a href=\"https:\/\/www.oec.corsica\/Uffiziu-di-l-Ambiente-di-a-Corsica-UAC_a4.html\" target=\"_blank\" rel=\"noopener noreferrer\">www.oec.corsica<\/a><br \/>\nContacto: <a href=\"mailto:info@oec.fr\">info@oec.fr<\/a>[\/vc_column_text][\/vc_column][\/vc_row][vc_row gap=\u00bb35&#8243; content_placement=\u00bbtop\u00bb][vc_column width=\u00bb1\/4&#8243;][vc_single_image image=\u00bb410&#8243; img_size=\u00bbfull\u00bb onclick=\u00bbcustom_link\u00bb img_link_target=\u00bb_blank\u00bb link=\u00bbhttps:\/\/pedmede.gr\/\u00bb][\/vc_column][vc_column width=\u00bb3\/4&#8243;][vc_column_text]<\/p>\n<h3>PEDMEDE, Asociaci\u00f3n Panhel\u00e9nica de Ingenieros Contratistas de Obras P\u00fablicas<\/h3>\n<p>Pedmede, establecida en 1935, representa al sector de la construcci\u00f3n en Grecia, abarcando toda la gama de empresas que se ocupan de la construcci\u00f3n de obras p\u00fablicas y privadas.<\/p>\n<p>Pedmede es la \u00fanica Asociaci\u00f3n Griega de la Construcci\u00f3n que representa al pa\u00eds a nivel europeo. Es miembro estatutario de la FIEC (Federaci\u00f3n Europea de la Industria de la Construcci\u00f3n) y de la EIC (Contratistas Internacionales Europeos), as\u00ed como miembro de la EDA (Asociaci\u00f3n Europea de Demolici\u00f3n).<\/p>\n<p>Las oficinas de la Asociaci\u00f3n est\u00e1n situadas en Atenas. Adem\u00e1s, cuenta con 15 departamentos regionales, que abarcan todas las regiones griegas y una secci\u00f3n determinada de empresas de construcci\u00f3n.<\/p>\n<p>En el n\u00facleo de su \u00e1mbito de actuaci\u00f3n, Pedmede tiene por objeto garantizar y promover los intereses y el bienestar de sus miembros a nivel nacional y regional. En este sentido, colabora estrechamente con las autoridades p\u00fablicas, los representantes gubernamentales y los principales interesados, representando al sector de la construcci\u00f3n, formulando pol\u00edticas e iniciativas y desempe\u00f1ando un papel destacado en el di\u00e1logo social. Entre sus principales servicios se encuentran la consultor\u00eda y la formaci\u00f3n en materia de derecho, as\u00ed como la participaci\u00f3n activa en proyectos nacionales y europeos relacionados con sus \u00e1reas de inter\u00e9s.<\/p>\n<p>Direcci\u00f3n: 23 Asklipiou Str. 10680 Atenas (Grecia).<br \/>\nP\u00e1gina web:<a href=\"http:\/\/www.pedmede.gr\" target=\"_blank\" rel=\"noopener noreferrer\"> www.pedmede.gr<\/a><br \/>\nContacto:<a href=\"mailto:info@pedmede.gr\"> info@pedmede.gr<\/a>[\/vc_column_text][\/vc_column][\/vc_row][vc_row gap=\u00bb35&#8243; content_placement=\u00bbtop\u00bb][vc_column width=\u00bb1\/4&#8243;][vc_single_image image=\u00bb304&#8243; img_size=\u00bbfull\u00bb onclick=\u00bbcustom_link\u00bb img_link_target=\u00bb_blank\u00bb link=\u00bbhttp:\/\/www.euknowledgespot.com\/\u00bb][\/vc_column][vc_column width=\u00bb3\/4&#8243;][vc_column_text]<\/p>\n<h3>EKS, European Knowledge Spot (Punto de Conocimiento Europeo)<\/h3>\n<p>European Knowledge Spot es una organizaci\u00f3n sin \u00e1nimo de lucro comprometida con la consecuci\u00f3n de una mayor accesibilidad a la informaci\u00f3n y el conocimiento y con la creaci\u00f3n de un impacto positivo en la educaci\u00f3n, la inclusi\u00f3n social y la protecci\u00f3n del medio ambiente para construir una era de paz y desarrollo sostenible.<\/p>\n<p>Todas las actividades dise\u00f1adas y ejecutadas por la organizaci\u00f3n est\u00e1n centradas en el usuario, teniendo como piedra angular los Objetivos de Desarrollo Sostenible (ODS) adoptados por las Naciones Unidas con el fin de construir un mundo mejor para las personas y nuestro planeta y promover la prosperidad a la vez que se protege el medio ambiente.<\/p>\n<p>Sus funciones centrales incluyen:<\/p>\n<ul>\n<li>Promover metodolog\u00edas de aprendizaje innovadoras y crear un polo de informaci\u00f3n y conocimientos en apoyo a los ODS.<\/li>\n<li>Proporcionar soluciones de aprendizaje de alta calidad para atender las necesidades de desarrollo de la capacidad de las personas, organizaciones e instituciones con el fin de hacer realidad los ODS.<\/li>\n<li>Promover estrategias que fomenten el crecimiento econ\u00f3mico sostenible y aborden una serie de problemas sociales y econ\u00f3micos y necesidades sociales, como la educaci\u00f3n, la salud, la igualdad y las oportunidades de empleo, al tiempo que se lucha contra el cambio clim\u00e1tico.<\/li>\n<li>Coordinar y redactar las propuestas de proyectos de investigaci\u00f3n financiados por la UE y seguir desarrollando los resultados y prototipos de investigaci\u00f3n para convertirlos en productos y\/o servicios innovadores.<\/li>\n<\/ul>\n<p>Direcci\u00f3n: Karaiskaki 11 str, 154-51 Athens, Greece<br \/>\nP\u00e1gina web: <u><a href=\"http:\/\/www.euknowledgespot.com\/\" target=\"_blank\" rel=\"noopener noreferrer\">http:\/\/www.euknowledgespot.com\/<\/a><br \/>\n<\/u>Contacto: <a href=\"mailto:rkalodiki@euknowldgespot.com\">rkalodiki@euknowldgespot.com<\/a>[\/vc_column_text][\/vc_column][\/vc_row][vc_row gap=\u00bb35&#8243; content_placement=\u00bbtop\u00bb][vc_column width=\u00bb1\/4&#8243;][vc_single_image image=\u00bb161&#8243; img_size=\u00bbfull\u00bb onclick=\u00bbcustom_link\u00bb img_link_target=\u00bb_blank\u00bb link=\u00bbhttp:\/\/www.formedil.it\/\u00bb][\/vc_column][vc_column width=\u00bb3\/4&#8243;][vc_column_text]<\/p>\n<h3>FORMEDIL, ENTIDAD NACIONAL PARA LA FORMACI\u00d3N PROFESIONAL EN LA EDUCACI\u00d3N<\/h3>\n<p>Formedil se estableci\u00f3 en 1980 por los interlocutores sociales del sector de la construcci\u00f3n: Ance, Feneal, Uil, Filca, Cisl, Fillea, Cgil.<\/p>\n<p>Formedil, el organismo nacional de formaci\u00f3n profesional en el sector de la construcci\u00f3n, tiene por objeto promover, aplicar y coordinar a escala nacional las iniciativas de formaci\u00f3n, cualificaci\u00f3n y perfeccionamiento en el sector de la construcci\u00f3n emprendidas por centros de formaci\u00f3n, escuelas de construcci\u00f3n.<\/p>\n<p>Formedil promueve convenios y acuerdos con los organismos p\u00fablicos encargados de la formaci\u00f3n y la formaci\u00f3n de formadores; participa en proyectos nacionales e internacionales promoviendo, en particular, el intercambio en el extranjero de estudiantes y formadores de escuelas de construcci\u00f3n.<\/p>\n<p>Las actividades de formaci\u00f3n son llevadas a cabo por las escuelas de construcci\u00f3n locales de acuerdo con las necesidades del mercado laboral local. Cada escuela de construcci\u00f3n, aunque se caracteriza por su autonom\u00eda financiera y organizativa, est\u00e1 coordinada a nivel nacional por Formedil, que define las normas de referencia nacionales a trav\u00e9s de sus propias directrices.<\/p>\n<p>Las acciones de Formedil son una expresi\u00f3n de las l\u00edneas estrat\u00e9gicas de formaci\u00f3n de los interlocutores sociales. Los convenios colectivos del sector representan el marco de referencia del que derivan y en el que se desarrollan todas las acciones formativas de las escuelas de construcci\u00f3n del sistema nacional y territorial.<\/p>\n<p>Direcci\u00f3n: Via G.A. Guattani 16. 00161 Roma (Italia).<br \/>\nP\u00e1gina web:<a href=\"http:\/\/www.formedil.it\"> www.formedil.it<\/a><br \/>\nContacto: <a href=\"mailto:formedili@formedil.it\">formedili@formedil.it<\/a>[\/vc_column_text][\/vc_column][\/vc_row][vc_row gap=\u00bb35&#8243; content_placement=\u00bbtop\u00bb][vc_column width=\u00bb1\/4&#8243;][vc_single_image image=\u00bb320&#8243; img_size=\u00bb150&#215;150&#8243; alignment=\u00bbcenter\u00bb onclick=\u00bbcustom_link\u00bb img_link_target=\u00bb_blank\u00bb link=\u00bbhttps:\/\/www.isq.pt\/EN\/\u00bb][\/vc_column][vc_column width=\u00bb3\/4&#8243;][vc_column_text]<\/p>\n<h3>ISQ, INSTITUTO DE SOLDADURA Y CALIDAD<\/h3>\n<p>El ISQ es una instituci\u00f3n tecnol\u00f3gica privada, sin \u00e1nimo de lucro e independiente, fundada en 1965, que actualmente realiza operaciones en m\u00e1s de 40 pa\u00edses de todo el mundo (la Uni\u00f3n Europea, Europa oriental, \u00c1frica, Am\u00e9rica y Asia), ofreciendo su experiencia en inspecciones t\u00e9cnicas, asistencia t\u00e9cnica para proyectos de ingenier\u00eda, servicios de consultor\u00eda y actividades de formaci\u00f3n, con el apoyo de actividades transversales de investigaci\u00f3n y desarrollo y de 16 laboratorios acreditados. Para ello, el ISQ lleva a cabo actividades de Investigaci\u00f3n, Desarrollo e Innovaci\u00f3n (I+D+I), promoviendo proyectos con socios nacionales e internacionales, tanto del sector p\u00fablico como del privado, con miras a la innovaci\u00f3n continua de productos y procesos. El ISQ est\u00e1 acreditado para prestar servicios de formaci\u00f3n y capacitaci\u00f3n de formadores y est\u00e1 certificado con arreglo al modelo de Gesti\u00f3n de Calidad, Medio ambiente y Seguridad (Quality, Environmental and Safety management model) y es tambi\u00e9n un organismo acreditado para la formaci\u00f3n de formadores y docentes. El ISQ tambi\u00e9n pertenece al grupo de expertos nacionales ECVET y es miembro de la junta directiva de EVBB.<\/p>\n<p>Direcci\u00f3n:\u00a0 Av. Prof. Dr. Cavaco Silva, n\u00ba 33, 2740-120 Porto Salvo, Portugal<br \/>\nP\u00e1gina web: <a href=\"https:\/\/www.isq.pt\/EN\/\">https:\/\/www.isq.pt\/EN\/<\/a><br \/>\nContacto: <a href=\"mailto:info@isq.pt\">info@isq.pt<\/a> \/ Lara Ramos <a href=\"mailto:loramos@isq.pt\">loramos@isq.pt<\/a> (Project Manager)[\/vc_column_text][\/vc_column][\/vc_row][vc_row gap=\u00bb35&#8243; content_placement=\u00bbtop\u00bb][vc_column width=\u00bb1\/4&#8243;][vc_single_image image=\u00bb154&#8243; img_size=\u00bb150&#215;150&#8243; alignment=\u00bbcenter\u00bb onclick=\u00bbcustom_link\u00bb img_link_target=\u00bb_blank\u00bb link=\u00bbhttps:\/\/upb.ro\/\u00bb][\/vc_column][vc_column width=\u00bb3\/4&#8243;][vc_column_text]<\/p>\n<h3>UPB, UNIVERSITATEA POLITEHNICA DIN BUCURESTI<\/h3>\n<p>La Universidad Polit\u00e9cnica de Bucarest es la escuela de ingenier\u00eda m\u00e1s antigua y prestigiosa de Ruman\u00eda. Su notoriedad se debe a la constituci\u00f3n, en 1818, por Gheorghe Laz\u0103r, de la primera escuela t\u00e9cnica superior con ense\u00f1anza en rumano, en la abad\u00eda de Saint Sava en Bucarest. El 3 de agosto de 1948 se fund\u00f3 el Instituto Polit\u00e9cnico de Bucarest, que inicialmente comprend\u00eda cuatro facultades y en el que, desde 1950, se han creado la mayor\u00eda de las facultades actuales. Por resoluci\u00f3n del Senado de noviembre de 1992, el Instituto Polit\u00e9cnico de Bucarest se convirti\u00f3 en la Universidad Polit\u00e9cnica de Bucarest.<\/p>\n<p>La Universidad Polit\u00e9cnica de Bucarest (UPB) asume la misi\u00f3n de formar especialistas en diferentes campos t\u00e9cnicos capaces de utilizar valiosos conocimientos cient\u00edficos, t\u00e9cnicos y culturales, para contribuir al progreso tecnol\u00f3gico, econ\u00f3mico y sociocultural de la sociedad rumana y del mundo contempor\u00e1neo. La UPB garantiza una educaci\u00f3n eficaz, desarrollada y perfeccionada a trav\u00e9s de una compleja actividad de investigaci\u00f3n, continuando la tradici\u00f3n de la Escuela Polit\u00e9cnica de Bucarest, de acuerdo con las exigencias y los medios que ofrece la moderna sociedad de la informaci\u00f3n. Su objetivo es crear un nuevo perfil t\u00e9cnico universitario, que promueva formas de formaci\u00f3n adaptadas a las exigencias de una sociedad competitiva, inmersa en el proceso de integraci\u00f3n en la comunidad europea e internacional.<\/p>\n<p>Dos siglos despu\u00e9s de la fundaci\u00f3n de la universidad y un siglo despu\u00e9s de la independencia de Ruman\u00eda, el hilo conductor de nuestros objetivos sigue siendo el mismo: educar para un futuro mejor, encontrar soluciones a trav\u00e9s de la investigaci\u00f3n para un presente mejor e influir positivamente en el contexto de nuestra sociedad.<\/p>\n<p>Direcci\u00f3n: Splaiul Independen\u0163ei nr. 313, Sector 6, Bucarest, Rumania.C\u00f3digo postal &#8211; RO-060042.<br \/>\nContacto: + 40 21 402 9100<br \/>\nP\u00e1gina web: <a href=\"http:\/\/www.upb.ro\">www.upb.ro<\/a>[\/vc_column_text][\/vc_column][\/vc_row][vc_row gap=\u00bb35&#8243; content_placement=\u00bbtop\u00bb][vc_column width=\u00bb1\/4&#8243;][vc_single_image image=\u00bb147&#8243; img_size=\u00bbfull\u00bb onclick=\u00bbcustom_link\u00bb img_link_target=\u00bb_blank\u00bb link=\u00bbhttps:\/\/www.fundacionlaboral.org\/\u00bb][\/vc_column][vc_column width=\u00bb3\/4&#8243;][vc_column_text]<\/p>\n<h3>FLC, FUNDACION LABORAL DE LA CONSTRUCCION<\/h3>\n<p>Desde 1992, la Fundaci\u00f3n laboral de la Construcci\u00f3n trabaja para facilitar a empresas y trabajadores los recursos que hagan posible un sector m\u00e1s profesional, seguro, capacitado y con un futuro m\u00e1s exitoso.<\/p>\n<p>Este es el fin por el que se unieron la Confederaci\u00f3n Nacional de la Construcci\u00f3n (CNC), CCOO de Construcci\u00f3n y Servicios y la Federaci\u00f3n de Industria, Construcci\u00f3n y Agro (UGT-FICA), formando esta entidad partitaria sin \u00e1nimo de lucro.<\/p>\n<p>Como resultado de a\u00f1os de dedicaci\u00f3n y esfuerzo, y gracias al apoyo de muchos profesionales, la Fundaci\u00f3n Laboral se ha convertido en una entidad de referencia en el sector y en un aliado clave que trabaja por y para el futuro de las empresas y los profesionales.<\/p>\n<p>Con m\u00e1s experiencia y conocimiento a su alcance, la Fundaci\u00f3n trabaja para lograr que la prevenci\u00f3n de riesgos laborales, la formaci\u00f3n, la innovaci\u00f3n, la sostenibilidad y las nuevas tecnolog\u00edas ayuden a seguir construyendo un sector de progreso.<\/p>\n<p>Decenas de miles de trabajadores de la construcci\u00f3n se forman anualmente en sus 50 Centros de Formaci\u00f3n propios, a trav\u00e9s de sus 17 Consejos Territoriales. La oferta formativa se compone de m\u00e1s de 200 actividades formativas, y m\u00e1s de 140 manuales propios sobre diferentes temas de construcci\u00f3n. La Fundaci\u00f3n cuenta con la colaboraci\u00f3n de m\u00e1s de 1.400 formadores en Espa\u00f1a.<\/p>\n<p>La Fundaci\u00f3n Laboral de la Construcci\u00f3n tiene una amplia experiencia en programas de intercambio de experiencias con otros pa\u00edses de la UE, tanto con j\u00f3venes estudiantes y trabajadores desempleados como con personal general que quiere aprender de los dem\u00e1s. Adem\u00e1s, es miembro activo de la Red Reforme, una red transnacional de instituciones y organizaciones de formaci\u00f3n europeas de 9 pa\u00edses, que existe desde hace 25 a\u00f1os y que ha facilitado el intercambio de conocimientos y buenas pr\u00e1cticas en el campo de la FP.<\/p>\n<p>Desde 2013 se centra en la Formaci\u00f3n Profesional y ofrece en varios de sus consejos territoriales el grado superior en \u00abEnerg\u00edas renovables\u00bb y grados medios en \u00abOperaci\u00f3n y mantenimiento de maquinaria de construcci\u00f3n\u00bb, \u00abT\u00e9cnico en construcci\u00f3n\u00bb y \u00abT\u00e9cnico\/a \u00a0en excavaciones y sondeos\u00bb.<\/p>\n<p>Direcci\u00f3n: c\/Rivas, 25. Pol. Ind. Vic\u00e1lvaro. 28052\u00a0 Madrid (Espa\u00f1a).<br \/>\nP\u00e1gina web: <a href=\"https:\/\/www.fundacionlaboral.org\/\">https:\/\/www.fundacionlaboral.org\/<\/a><br \/>\nContacto: <a href=\"mailto:internationalprojects@fundacionlaboral.org\">internationalprojects@fundacionlaboral.org<\/a>[\/vc_column_text][\/vc_column][\/vc_row]<\/p>\n<\/div>","protected":false},"excerpt":{"rendered":"<p>[vc_row][vc_column][vc_column_text]En la asociaci\u00f3n CDWaste-ManageVET participan 7 socios procedentes de 6 pa\u00edses de la UE, que combinan conocimientos t\u00e9cnicos complementarios y permiten una cobertura geogr\u00e1fica equilibrada que aporta contribuciones, perspectivas y una visi\u00f3n general de las diferentes zonas de la UE involucradas.[\/vc_column_text][\/vc_column][\/vc_row][vc_row gap=\u00bb35&#8243; content_placement=\u00bbtop\u00bb][vc_column width=\u00bb1\/4&#8243;][vc_single_image image=\u00bb327&#8243; img_size=\u00bbfull\u00bb onclick=\u00bbcustom_link\u00bb img_link_target=\u00bb_blank\u00bb link=\u00bbhttp:\/\/www.oec.corsica\u00bb][\/vc_column][vc_column width=\u00bb3\/4&#8243;][vc_column_text] OEC- Office de l&#8217;Environnement de&hellip;<\/p>\n","protected":false},"author":1,"featured_media":0,"parent":0,"menu_order":0,"comment_status":"closed","ping_status":"closed","template":"","meta":{"footnotes":""},"class_list":["post-648","page","type-page","status-publish","hentry","description-off"],"yoast_head":"<!-- This site is optimized with the Yoast SEO plugin v26.2 - https:\/\/yoast.com\/wordpress\/plugins\/seo\/ -->\n<title>SOCIOS - CDWaste-ManageVET (2019-2023)<\/title>\n<meta name=\"robots\" content=\"index, follow, max-snippet:-1, max-image-preview:large, max-video-preview:-1\" \/>\n<link rel=\"canonical\" href=\"https:\/\/cdwaste-managevet.com\/es\/partnership\/\" \/>\n<meta property=\"og:locale\" content=\"es_ES\" \/>\n<meta property=\"og:type\" content=\"article\" \/>\n<meta property=\"og:title\" content=\"SOCIOS - CDWaste-ManageVET (2019-2023)\" \/>\n<meta property=\"og:description\" content=\"[vc_row][vc_column][vc_column_text]En la asociaci\u00f3n CDWaste-ManageVET participan 7 socios procedentes de 6 pa\u00edses de la UE, que combinan conocimientos t\u00e9cnicos complementarios y permiten una cobertura geogr\u00e1fica equilibrada que aporta contribuciones, perspectivas y una visi\u00f3n general de las diferentes zonas de la UE involucradas.[\/vc_column_text][\/vc_column][\/vc_row][vc_row gap=\u00bb35&#8243; content_placement=\u00bbtop\u00bb][vc_column width=\u00bb1\/4&#8243;][vc_single_image image=\u00bb327&#8243; img_size=\u00bbfull\u00bb onclick=\u00bbcustom_link\u00bb img_link_target=\u00bb_blank\u00bb link=\u00bbhttp:\/\/www.oec.corsica\u00bb][\/vc_column][vc_column width=\u00bb3\/4&#8243;][vc_column_text] OEC- Office de l&#8217;Environnement de&hellip;\" \/>\n<meta property=\"og:url\" content=\"https:\/\/cdwaste-managevet.com\/es\/partnership\/\" \/>\n<meta property=\"og:site_name\" content=\"CDWaste-ManageVET (2019-2023)\" \/>\n<meta property=\"article:modified_time\" content=\"2020-08-27T13:49:30+00:00\" \/>\n<meta name=\"twitter:card\" content=\"summary_large_image\" \/>\n<meta name=\"twitter:label1\" content=\"Tiempo de lectura\" \/>\n\t<meta name=\"twitter:data1\" content=\"12 minutos\" \/>\n<script type=\"application\/ld+json\" class=\"yoast-schema-graph\">{\"@context\":\"https:\/\/schema.org\",\"@graph\":[{\"@type\":\"WebPage\",\"@id\":\"https:\/\/cdwaste-managevet.com\/es\/partnership\/\",\"url\":\"https:\/\/cdwaste-managevet.com\/es\/partnership\/\",\"name\":\"SOCIOS - CDWaste-ManageVET (2019-2023)\",\"isPartOf\":{\"@id\":\"https:\/\/cdwaste-managevet.com\/#website\"},\"datePublished\":\"2020-04-21T12:50:13+00:00\",\"dateModified\":\"2020-08-27T13:49:30+00:00\",\"breadcrumb\":{\"@id\":\"https:\/\/cdwaste-managevet.com\/es\/partnership\/#breadcrumb\"},\"inLanguage\":\"es\",\"potentialAction\":[{\"@type\":\"ReadAction\",\"target\":[\"https:\/\/cdwaste-managevet.com\/es\/partnership\/\"]}]},{\"@type\":\"BreadcrumbList\",\"@id\":\"https:\/\/cdwaste-managevet.com\/es\/partnership\/#breadcrumb\",\"itemListElement\":[{\"@type\":\"ListItem\",\"position\":1,\"name\":\"Home\",\"item\":\"https:\/\/cdwaste-managevet.com\/es\/\"},{\"@type\":\"ListItem\",\"position\":2,\"name\":\"SOCIOS\"}]},{\"@type\":\"WebSite\",\"@id\":\"https:\/\/cdwaste-managevet.com\/#website\",\"url\":\"https:\/\/cdwaste-managevet.com\/\",\"name\":\"CDWaste-ManageVET (2019-2023)\",\"description\":\"\",\"potentialAction\":[{\"@type\":\"SearchAction\",\"target\":{\"@type\":\"EntryPoint\",\"urlTemplate\":\"https:\/\/cdwaste-managevet.com\/?s={search_term_string}\"},\"query-input\":{\"@type\":\"PropertyValueSpecification\",\"valueRequired\":true,\"valueName\":\"search_term_string\"}}],\"inLanguage\":\"es\"}]}<\/script>\n<!-- \/ Yoast SEO plugin. -->","yoast_head_json":{"title":"SOCIOS - CDWaste-ManageVET (2019-2023)","robots":{"index":"index","follow":"follow","max-snippet":"max-snippet:-1","max-image-preview":"max-image-preview:large","max-video-preview":"max-video-preview:-1"},"canonical":"https:\/\/cdwaste-managevet.com\/es\/partnership\/","og_locale":"es_ES","og_type":"article","og_title":"SOCIOS - CDWaste-ManageVET (2019-2023)","og_description":"[vc_row][vc_column][vc_column_text]En la asociaci\u00f3n CDWaste-ManageVET participan 7 socios procedentes de 6 pa\u00edses de la UE, que combinan conocimientos t\u00e9cnicos complementarios y permiten una cobertura geogr\u00e1fica equilibrada que aporta contribuciones, perspectivas y una visi\u00f3n general de las diferentes zonas de la UE involucradas.[\/vc_column_text][\/vc_column][\/vc_row][vc_row gap=\u00bb35&#8243; content_placement=\u00bbtop\u00bb][vc_column width=\u00bb1\/4&#8243;][vc_single_image image=\u00bb327&#8243; img_size=\u00bbfull\u00bb onclick=\u00bbcustom_link\u00bb img_link_target=\u00bb_blank\u00bb link=\u00bbhttp:\/\/www.oec.corsica\u00bb][\/vc_column][vc_column width=\u00bb3\/4&#8243;][vc_column_text] OEC- Office de l&#8217;Environnement de&hellip;","og_url":"https:\/\/cdwaste-managevet.com\/es\/partnership\/","og_site_name":"CDWaste-ManageVET (2019-2023)","article_modified_time":"2020-08-27T13:49:30+00:00","twitter_card":"summary_large_image","twitter_misc":{"Tiempo de lectura":"12 minutos"},"schema":{"@context":"https:\/\/schema.org","@graph":[{"@type":"WebPage","@id":"https:\/\/cdwaste-managevet.com\/es\/partnership\/","url":"https:\/\/cdwaste-managevet.com\/es\/partnership\/","name":"SOCIOS - CDWaste-ManageVET (2019-2023)","isPartOf":{"@id":"https:\/\/cdwaste-managevet.com\/#website"},"datePublished":"2020-04-21T12:50:13+00:00","dateModified":"2020-08-27T13:49:30+00:00","breadcrumb":{"@id":"https:\/\/cdwaste-managevet.com\/es\/partnership\/#breadcrumb"},"inLanguage":"es","potentialAction":[{"@type":"ReadAction","target":["https:\/\/cdwaste-managevet.com\/es\/partnership\/"]}]},{"@type":"BreadcrumbList","@id":"https:\/\/cdwaste-managevet.com\/es\/partnership\/#breadcrumb","itemListElement":[{"@type":"ListItem","position":1,"name":"Home","item":"https:\/\/cdwaste-managevet.com\/es\/"},{"@type":"ListItem","position":2,"name":"SOCIOS"}]},{"@type":"WebSite","@id":"https:\/\/cdwaste-managevet.com\/#website","url":"https:\/\/cdwaste-managevet.com\/","name":"CDWaste-ManageVET (2019-2023)","description":"","potentialAction":[{"@type":"SearchAction","target":{"@type":"EntryPoint","urlTemplate":"https:\/\/cdwaste-managevet.com\/?s={search_term_string}"},"query-input":{"@type":"PropertyValueSpecification","valueRequired":true,"valueName":"search_term_string"}}],"inLanguage":"es"}]}},"_links":{"self":[{"href":"https:\/\/cdwaste-managevet.com\/es\/wp-json\/wp\/v2\/pages\/648","targetHints":{"allow":["GET"]}}],"collection":[{"href":"https:\/\/cdwaste-managevet.com\/es\/wp-json\/wp\/v2\/pages"}],"about":[{"href":"https:\/\/cdwaste-managevet.com\/es\/wp-json\/wp\/v2\/types\/page"}],"author":[{"embeddable":true,"href":"https:\/\/cdwaste-managevet.com\/es\/wp-json\/wp\/v2\/users\/1"}],"replies":[{"embeddable":true,"href":"https:\/\/cdwaste-managevet.com\/es\/wp-json\/wp\/v2\/comments?post=648"}],"version-history":[{"count":5,"href":"https:\/\/cdwaste-managevet.com\/es\/wp-json\/wp\/v2\/pages\/648\/revisions"}],"predecessor-version":[{"id":769,"href":"https:\/\/cdwaste-managevet.com\/es\/wp-json\/wp\/v2\/pages\/648\/revisions\/769"}],"wp:attachment":[{"href":"https:\/\/cdwaste-managevet.com\/es\/wp-json\/wp\/v2\/media?parent=648"}],"curies":[{"name":"wp","href":"https:\/\/api.w.org\/{rel}","templated":true}]}}